{"version":"1.0","provider_name":"Conservatoire National des Plantes","provider_url":"https:\/\/www.cnpmai.net\/fr","author_name":"CNPMAI","author_url":"https:\/\/www.cnpmai.net\/fr\/author\/cnpmai\/","title":"#2 l\u2019Epeire frelon - Conservatoire National des Plantes","type":"rich","width":600,"height":338,"html":"<blockquote class=\"wp-embedded-content\"><a href=\"https:\/\/www.cnpmai.net\/fr\/2019\/02\/04\/2-lepeire-frelon\/\">#2 l\u2019Epeire frelon<\/a><\/blockquote>\n<script type='text\/javascript'>\n<!--\/\/--><![CDATA[\/\/><!--\n\t\t\/*! This file is auto-generated *\/\n\t\t!function(d,l){\"use strict\";var e=!1,n=!1;if(l.querySelector)if(d.addEventListener)e=!0;if(d.wp=d.wp||{},!d.wp.receiveEmbedMessage)if(d.wp.receiveEmbedMessage=function(e){var t=e.data;if(t)if(t.secret||t.message||t.value)if(!\/[^a-zA-Z0-9]\/.test(t.secret)){for(var r,i,a,s=l.querySelectorAll('iframe[data-secret=\"'+t.secret+'\"]'),n=l.querySelectorAll('blockquote[data-secret=\"'+t.secret+'\"]'),o=new RegExp(\"^https?:$\",\"i\"),c=0;c<n.length;c++)n[c].style.display=\"none\";for(c=0;c<s.length;c++)if(r=s[c],e.source===r.contentWindow){if(r.removeAttribute(\"style\"),\"height\"===t.message){if(1e3<(a=parseInt(t.value,10)))a=1e3;else if(~~a<200)a=200;r.height=a}if(\"link\"===t.message)if(i=l.createElement(\"a\"),a=l.createElement(\"a\"),i.href=r.getAttribute(\"src\"),a.href=t.value,o.test(a.protocol))if(a.host===i.host)if(l.activeElement===r)d.top.location.href=t.value}}},e)d.addEventListener(\"message\",d.wp.receiveEmbedMessage,!1),l.addEventListener(\"DOMContentLoaded\",t,!1),d.addEventListener(\"load\",t,!1);function t(){if(!n){n=!0;for(var e,t,r=-1!==navigator.appVersion.indexOf(\"MSIE 10\"),i=!!navigator.userAgent.match(\/Trident.*rv:11\\.\/),a=l.querySelectorAll(\"iframe.wp-embedded-content\"),s=0;s<a.length;s++){if(!(e=a[s]).getAttribute(\"data-secret\"))t=Math.random().toString(36).substr(2,10),e.src+=\"#?secret=\"+t,e.setAttribute(\"data-secret\",t);if(r||i)(t=e.cloneNode(!0)).removeAttribute(\"security\"),e.parentNode.replaceChild(t,e)}}}}(window,document);\n\/\/--><!]]>\n<\/script><iframe sandbox=\"allow-scripts\" security=\"restricted\" src=\"https:\/\/www.cnpmai.net\/fr\/2019\/02\/04\/2-lepeire-frelon\/embed\/\" width=\"600\" height=\"338\" title=\"\u00ab\u00a0#2 l\u2019Epeire frelon\u00a0\u00bb &#8212; Conservatoire National des Plantes\" frameborder=\"0\" marginwidth=\"0\" marginheight=\"0\" scrolling=\"no\" class=\"wp-embedded-content\"><\/iframe>","thumbnail_url":"https:\/\/www.cnpmai.net\/wp-content\/uploads\/2019\/02\/Araign\u00e9e-dans-le-bitunnel-du-CNPMAI-le-13-aout-2013-B.-PASQUIER-11.jpg","thumbnail_width":336,"thumbnail_height":448,"description":"Cette ann\u00e9e plusieurs de nos \u00e9v\u00e8nements seront ax\u00e9s sur le th\u00e8me de \u00ab\u00a0l\u2019animal au jardin&#8221;. Nous vous pr\u00e9senterons donc r\u00e9guli\u00e8rement dans notre newsletter les petites b\u00eates qui occupent les jardins du Conservatoire. L\u2019Argiope fasci\u00e9e (Argiope bruennichi), aussi appel\u00e9e Epeire frelon en raison de ses rayures jaunes et noires qui marbrent son opisthosome (\u00e9quivalent de l\u2019abdomen),..."}