{"version":"1.0","provider_name":"Conservatoire National des Plantes","provider_url":"https:\/\/www.cnpmai.net\/fr","author_name":"CNPMAI","author_url":"https:\/\/www.cnpmai.net\/fr\/author\/cnpmai\/","title":"Un lifting pour le jardin p\u00e9dagogique - Conservatoire National des Plantes","type":"rich","width":600,"height":338,"html":"<blockquote class=\"wp-embedded-content\"><a href=\"https:\/\/www.cnpmai.net\/fr\/2019\/10\/07\/lifting-jardin-pedagogique\/\">Un lifting pour le jardin p\u00e9dagogique<\/a><\/blockquote>\n<script type='text\/javascript'>\n<!--\/\/--><![CDATA[\/\/><!--\n\t\t\/*! This file is auto-generated *\/\n\t\t!function(d,l){\"use strict\";var e=!1,n=!1;if(l.querySelector)if(d.addEventListener)e=!0;if(d.wp=d.wp||{},!d.wp.receiveEmbedMessage)if(d.wp.receiveEmbedMessage=function(e){var t=e.data;if(t)if(t.secret||t.message||t.value)if(!\/[^a-zA-Z0-9]\/.test(t.secret)){for(var r,i,a,s=l.querySelectorAll('iframe[data-secret=\"'+t.secret+'\"]'),n=l.querySelectorAll('blockquote[data-secret=\"'+t.secret+'\"]'),o=new RegExp(\"^https?:$\",\"i\"),c=0;c<n.length;c++)n[c].style.display=\"none\";for(c=0;c<s.length;c++)if(r=s[c],e.source===r.contentWindow){if(r.removeAttribute(\"style\"),\"height\"===t.message){if(1e3<(a=parseInt(t.value,10)))a=1e3;else if(~~a<200)a=200;r.height=a}if(\"link\"===t.message)if(i=l.createElement(\"a\"),a=l.createElement(\"a\"),i.href=r.getAttribute(\"src\"),a.href=t.value,o.test(a.protocol))if(a.host===i.host)if(l.activeElement===r)d.top.location.href=t.value}}},e)d.addEventListener(\"message\",d.wp.receiveEmbedMessage,!1),l.addEventListener(\"DOMContentLoaded\",t,!1),d.addEventListener(\"load\",t,!1);function t(){if(!n){n=!0;for(var e,t,r=-1!==navigator.appVersion.indexOf(\"MSIE 10\"),i=!!navigator.userAgent.match(\/Trident.*rv:11\\.\/),a=l.querySelectorAll(\"iframe.wp-embedded-content\"),s=0;s<a.length;s++){if(!(e=a[s]).getAttribute(\"data-secret\"))t=Math.random().toString(36).substr(2,10),e.src+=\"#?secret=\"+t,e.setAttribute(\"data-secret\",t);if(r||i)(t=e.cloneNode(!0)).removeAttribute(\"security\"),e.parentNode.replaceChild(t,e)}}}}(window,document);\n\/\/--><!]]>\n<\/script><iframe sandbox=\"allow-scripts\" security=\"restricted\" src=\"https:\/\/www.cnpmai.net\/fr\/2019\/10\/07\/lifting-jardin-pedagogique\/embed\/\" width=\"600\" height=\"338\" title=\"\u00ab\u00a0Un lifting pour le jardin p\u00e9dagogique\u00a0\u00bb &#8212; Conservatoire National des Plantes\" frameborder=\"0\" marginwidth=\"0\" marginheight=\"0\" scrolling=\"no\" class=\"wp-embedded-content\"><\/iframe>","thumbnail_url":"https:\/\/www.cnpmai.net\/wp-content\/uploads\/2019\/10\/chantier-phase-2-cpoy-reca.jpg","thumbnail_width":2000,"thumbnail_height":1500,"description":"Au cours des mois d\u2019ao\u00fbt et septembre un chantier de r\u00e9novation du jardin p\u00e9dagogique a \u00e9t\u00e9 r\u00e9alis\u00e9. En effet il avait grandement besoin d\u2019un rafra\u00eechissement, n\u2019\u00e9tant plus fonctionnel ni s\u00e9curis\u00e9 pour accueillir les bambins en visite au Conservatoire. Ainsi les mercredi 14 ao\u00fbt et 18 septembre, l\u2019\u00e9quipe du Conservatoire ainsi que deux b\u00e9n\u00e9voles ayant r\u00e9pondu..."}