{"version":"1.0","provider_name":"Conservatoire National des Plantes","provider_url":"https:\/\/www.cnpmai.net\/fr","author_name":"CNPMAI","author_url":"https:\/\/www.cnpmai.net\/fr\/author\/cnpmai\/","title":"La taille hivernale, une taille esth\u00e9tique - Conservatoire National des Plantes","type":"rich","width":600,"height":338,"html":"<blockquote class=\"wp-embedded-content\"><a href=\"https:\/\/www.cnpmai.net\/fr\/2022\/01\/31\/la-taille-hivernale-une-taille-esthetique\/\">La taille hivernale, une taille esth\u00e9tique<\/a><\/blockquote>\n<script type='text\/javascript'>\n<!--\/\/--><![CDATA[\/\/><!--\n\t\t\/*! This file is auto-generated *\/\n\t\t!function(d,l){\"use strict\";var e=!1,n=!1;if(l.querySelector)if(d.addEventListener)e=!0;if(d.wp=d.wp||{},!d.wp.receiveEmbedMessage)if(d.wp.receiveEmbedMessage=function(e){var t=e.data;if(t)if(t.secret||t.message||t.value)if(!\/[^a-zA-Z0-9]\/.test(t.secret)){for(var r,i,a,s=l.querySelectorAll('iframe[data-secret=\"'+t.secret+'\"]'),n=l.querySelectorAll('blockquote[data-secret=\"'+t.secret+'\"]'),o=new RegExp(\"^https?:$\",\"i\"),c=0;c<n.length;c++)n[c].style.display=\"none\";for(c=0;c<s.length;c++)if(r=s[c],e.source===r.contentWindow){if(r.removeAttribute(\"style\"),\"height\"===t.message){if(1e3<(a=parseInt(t.value,10)))a=1e3;else if(~~a<200)a=200;r.height=a}if(\"link\"===t.message)if(i=l.createElement(\"a\"),a=l.createElement(\"a\"),i.href=r.getAttribute(\"src\"),a.href=t.value,o.test(a.protocol))if(a.host===i.host)if(l.activeElement===r)d.top.location.href=t.value}}},e)d.addEventListener(\"message\",d.wp.receiveEmbedMessage,!1),l.addEventListener(\"DOMContentLoaded\",t,!1),d.addEventListener(\"load\",t,!1);function t(){if(!n){n=!0;for(var e,t,r=-1!==navigator.appVersion.indexOf(\"MSIE 10\"),i=!!navigator.userAgent.match(\/Trident.*rv:11\\.\/),a=l.querySelectorAll(\"iframe.wp-embedded-content\"),s=0;s<a.length;s++){if(!(e=a[s]).getAttribute(\"data-secret\"))t=Math.random().toString(36).substr(2,10),e.src+=\"#?secret=\"+t,e.setAttribute(\"data-secret\",t);if(r||i)(t=e.cloneNode(!0)).removeAttribute(\"security\"),e.parentNode.replaceChild(t,e)}}}}(window,document);\n\/\/--><!]]>\n<\/script><iframe sandbox=\"allow-scripts\" security=\"restricted\" src=\"https:\/\/www.cnpmai.net\/fr\/2022\/01\/31\/la-taille-hivernale-une-taille-esthetique\/embed\/\" width=\"600\" height=\"338\" title=\"\u00ab\u00a0La taille hivernale, une taille esth\u00e9tique\u00a0\u00bb &#8212; Conservatoire National des Plantes\" frameborder=\"0\" marginwidth=\"0\" marginheight=\"0\" scrolling=\"no\" class=\"wp-embedded-content\"><\/iframe>","thumbnail_url":"https:\/\/www.cnpmai.net\/wp-content\/uploads\/2022\/01\/Article-taille.jpg","thumbnail_width":2000,"thumbnail_height":1500,"description":"La basse saison est l\u00e0 et nous effectuons durant cette p\u00e9riode la taille des collections ouvertes au public. Taille des inflorescences fan\u00e9es, taille du bois morts mais surtout taille assez s\u00e9v\u00e8re de certaines esp\u00e8ces. Objectif\u00a0: maintenir l\u2019esth\u00e9tique des plantes et du jardin. Pourquoi tailler durant\u00a0cette p\u00e9riode\u00a0? La p\u00e9riode hivernale est propice aux tailles s\u00e9v\u00e8res, qui..."}